{"id":25,"date":"2024-11-20T22:49:57","date_gmt":"2024-11-20T21:49:57","guid":{"rendered":"https:\/\/cerfsa.ch\/?page_id=25"},"modified":"2026-03-12T23:26:12","modified_gmt":"2026-03-12T22:26:12","slug":"accueil","status":"publish","type":"page","link":"https:\/\/cerfsa.ch\/","title":{"rendered":"Accueil"},"content":{"rendered":"\t\t<div data-elementor-type=\"wp-page\" data-elementor-id=\"25\" class=\"elementor elementor-25\" data-elementor-post-type=\"page\">\n\t\t\t\t<div class=\"elementor-element elementor-element-80f42a6 e-con-full e-flex e-con e-parent\" data-id=\"80f42a6\" data-element_type=\"container\" data-e-type=\"container\">\n\t\t<div class=\"elementor-element elementor-element-ea73f23 e-con-full e-flex e-con e-child\" data-id=\"ea73f23\" data-element_type=\"container\" data-e-type=\"container\" data-settings=\"{&quot;background_background&quot;:&quot;classic&quot;}\">\n\t\t\t\t<\/div>\n\t\t<div class=\"elementor-element elementor-element-40a9f8f e-flex e-con-boxed e-con e-child\" data-id=\"40a9f8f\" data-element_type=\"container\" data-e-type=\"container\" data-settings=\"{&quot;background_background&quot;:&quot;classic&quot;}\">\n\t\t\t\t\t<div class=\"e-con-inner\">\n\t\t<div class=\"elementor-element elementor-element-670f7f1 e-con-full e-flex e-con e-child\" data-id=\"670f7f1\" data-element_type=\"container\" data-e-type=\"container\">\n\t\t\t\t<div class=\"elementor-element elementor-element-e413886 elementor-widget elementor-widget-theme-site-logo elementor-widget-image\" data-id=\"e413886\" data-element_type=\"widget\" data-e-type=\"widget\" data-widget_type=\"theme-site-logo.default\">\n\t\t\t\t<div class=\"elementor-widget-container\">\n\t\t\t\t\t\t\t\t\t\t\t<a href=\"https:\/\/cerfsa.ch\">\n\t\t\t<img fetchpriority=\"high\" decoding=\"async\" width=\"595\" height=\"282\" src=\"https:\/\/cerfsa.ch\/wp-content\/uploads\/2024\/11\/cerfsa-logo-bleu.svg\" class=\"attachment-full size-full wp-image-13\" alt=\"Cerfsa - Logo bleu\" \/>\t\t\t\t<\/a>\n\t\t\t\t\t\t\t\t\t\t\t<\/div>\n\t\t\t\t<\/div>\n\t\t\t\t<\/div>\n\t\t<div class=\"elementor-element elementor-element-3d1f57a e-con-full e-flex e-con e-child\" data-id=\"3d1f57a\" data-element_type=\"container\" data-e-type=\"container\">\n\t\t\t\t<div class=\"elementor-element elementor-element-fe4b893 elementor-widget elementor-widget-heading\" data-id=\"fe4b893\" data-element_type=\"widget\" data-e-type=\"widget\" data-widget_type=\"heading.default\">\n\t\t\t\t<div class=\"elementor-widget-container\">\n\t\t\t\t\t<h1 class=\"elementor-heading-title elementor-size-default\">Conf\u00e9rence des Eglises R\u00e9form\u00e9es\nde langue fran\u00e7aise en Suisse\nal\u00e9manique<\/h1>\t\t\t\t<\/div>\n\t\t\t\t<\/div>\n\t\t\t\t<div class=\"elementor-element elementor-element-02c6765 elementor-widget elementor-widget-text-editor\" data-id=\"02c6765\" data-element_type=\"widget\" data-e-type=\"widget\" data-widget_type=\"text-editor.default\">\n\t\t\t\t<div class=\"elementor-widget-container\">\n\t\t\t\t\t\t\t\t\t<p>La Conf\u00e9rence des \u00c9glises R\u00e9form\u00e9es de langue fran\u00e7aise en Suisse al\u00e9manique (CERFSA) a pour mission de rassembler les \u00c9glises r\u00e9form\u00e9es francophones de Suisse al\u00e9manique. Elle favorise les \u00e9changes, les projets communs et la promotion de la foi r\u00e9form\u00e9e.<\/p>\t\t\t\t\t\t\t\t<\/div>\n\t\t\t\t<\/div>\n\t\t\t\t<\/div>\n\t\t\t\t\t<\/div>\n\t\t\t\t<\/div>\n\t\t\t\t<\/div>\n\t\t<div class=\"elementor-element elementor-element-333507b e-flex e-con-boxed e-con e-parent\" data-id=\"333507b\" data-element_type=\"container\" data-e-type=\"container\" data-settings=\"{&quot;background_background&quot;:&quot;classic&quot;}\">\n\t\t\t\t\t<div class=\"e-con-inner\">\n\t\t\t\t<div class=\"elementor-element elementor-element-64bfdaf elementor-widget elementor-widget-heading\" data-id=\"64bfdaf\" data-element_type=\"widget\" data-e-type=\"widget\" data-widget_type=\"heading.default\">\n\t\t\t\t<div class=\"elementor-widget-container\">\n\t\t\t\t\t<h2 class=\"elementor-heading-title elementor-size-default\">La CERFSA, est compos\u00e9e de six Eglises qui se trouvent dans les cantons d\u2019Argovie, B\u00e2le-Ville et B\u00e2le-Campagne, Lucerne, Saint-Gall, Schaffhouse et Zurich<\/h2>\t\t\t\t<\/div>\n\t\t\t\t<\/div>\n\t\t\t\t\t<\/div>\n\t\t\t\t<\/div>\n\t\t<div class=\"elementor-element elementor-element-6ca6541 e-con-full e-flex e-con e-parent\" data-id=\"6ca6541\" data-element_type=\"container\" data-e-type=\"container\">\n\t\t<div class=\"elementor-element elementor-element-fb2ff45 e-flex e-con-boxed e-con e-child\" data-id=\"fb2ff45\" data-element_type=\"container\" data-e-type=\"container\">\n\t\t\t\t\t<div class=\"e-con-inner\">\n\t\t<div class=\"elementor-element elementor-element-0090448 e-con-full e-flex e-con e-child\" data-id=\"0090448\" data-element_type=\"container\" data-e-type=\"container\">\n\t\t\t\t<div class=\"elementor-element elementor-element-938cbdd elementor-widget elementor-widget-heading\" data-id=\"938cbdd\" data-element_type=\"widget\" data-e-type=\"widget\" data-widget_type=\"heading.default\">\n\t\t\t\t<div class=\"elementor-widget-container\">\n\t\t\t\t\t<h2 class=\"elementor-heading-title elementor-size-default\">\u00c9glises de la cerfsa...<\/h2>\t\t\t\t<\/div>\n\t\t\t\t<\/div>\n\t\t\t\t<div class=\"elementor-element elementor-element-fd74863 elementor-widget elementor-widget-text-editor\" data-id=\"fd74863\" data-element_type=\"widget\" data-e-type=\"widget\" data-widget_type=\"text-editor.default\">\n\t\t\t\t<div class=\"elementor-widget-container\">\n\t\t\t\t\t\t\t\t\t<p>Cr\u00e9\u00e9e en 1966, la CERFSA, conf\u00e9rence des Eglises de langue fran\u00e7aise en Suisse al\u00e9manique, permet \u00e0 ces Eglises d\u2019\u00eatre membres part enti\u00e8re de la CER (conf\u00e9rence des Eglises roman-des). La CERFSA est tributaire de la CER dans des domaines comme la formation des ministres, le mat\u00e9riel de cat\u00e9ch\u00e8se et<br \/>de liturgie, l\u2019\u00e9dition d\u2019un journal r\u00e9form\u00e9 francophone en suisse. Ces liens inter-\u00e9glises ouvrent l\u2019 horizon et gardent ces petites Eglises du risque de l\u2019isolement.<\/p><p>Mais ce qui r\u00e9unit les Eglises de la CERFSA , c\u2019est tout d\u2019abord une histoire commune :<\/p><p>Plusieurs Eglises de la CERFSA partagent une histoire de plus de quatre si\u00e8cles, puisqu\u2019elles ont \u00e9t\u00e9 cr\u00e9\u00e9es avec l\u2019arriv\u00e9e des r\u00e9fugi\u00e9s huguenots en Suisse \u2013 elles sont ainsi des premi\u00e8res Eglises de migration!<\/p><p>Les membres actuels ont trois origines possibles : certains appartiennent \u00e0 des familles install\u00e9es en suisse al\u00e9manique depuis plusieurs g\u00e9n\u00e9rations et scolaris\u00e9es en langue germanique, mais tiennent \u00e0 garder un lien avec le fran\u00e7ais \u2013 leur langue du coeur; comme le disait un cat\u00e9chum\u00e8ne: le fran\u00e7ais, pour moi, c\u2019est la langue de la religion!\u201c; d\u2019autres familles sont fra\u00eechement arriv\u00e9es d\u2019outre-Sarine pour le travail, et pour elles la fr\u00e9quentation d\u2019une Eglise fran\u00e7aise est comme un \u00eelot familier en plein changement de vie; et puis, depuis plus de 20 ans, les Eglises de la Cerfsa comptent dans leurs communaut\u00e9s des personnes issues de la migration \u2013 la plupart venant d\u2019Afrique francophone.<\/p>\t\t\t\t\t\t\t\t<\/div>\n\t\t\t\t<\/div>\n\t\t\t\t<\/div>\n\t\t\t\t\t<\/div>\n\t\t\t\t<\/div>\n\t\t<div class=\"elementor-element elementor-element-ba42e63 e-con-full e-flex e-con e-child\" data-id=\"ba42e63\" data-element_type=\"container\" data-e-type=\"container\" data-settings=\"{&quot;background_background&quot;:&quot;classic&quot;}\">\n\t\t\t\t<\/div>\n\t\t\t\t<\/div>\n\t\t<div class=\"elementor-element elementor-element-4d73b0a e-con-full e-flex e-con e-parent\" data-id=\"4d73b0a\" data-element_type=\"container\" data-e-type=\"container\">\n\t\t<div class=\"elementor-element elementor-element-2991f94 e-con-full e-flex e-con e-child\" data-id=\"2991f94\" data-element_type=\"container\" data-e-type=\"container\" data-settings=\"{&quot;background_background&quot;:&quot;classic&quot;}\">\n\t\t\t\t<\/div>\n\t\t<div class=\"elementor-element elementor-element-c4e0695 e-flex e-con-boxed e-con e-child\" data-id=\"c4e0695\" data-element_type=\"container\" data-e-type=\"container\" data-settings=\"{&quot;background_background&quot;:&quot;classic&quot;}\">\n\t\t\t\t\t<div class=\"e-con-inner\">\n\t\t<div class=\"elementor-element elementor-element-591eefa e-con-full e-flex e-con e-child\" data-id=\"591eefa\" data-element_type=\"container\" data-e-type=\"container\">\n\t\t\t\t<div class=\"elementor-element elementor-element-f8b196c elementor-widget elementor-widget-heading\" data-id=\"f8b196c\" data-element_type=\"widget\" data-e-type=\"widget\" data-widget_type=\"heading.default\">\n\t\t\t\t<div class=\"elementor-widget-container\">\n\t\t\t\t\t<h2 class=\"elementor-heading-title elementor-size-default\">Et aujourd\u2019hui ces \u00c9glises partagent des enjeux et d\u00e9fis identiques :<\/h2>\t\t\t\t<\/div>\n\t\t\t\t<\/div>\n\t\t\t\t<div class=\"elementor-element elementor-element-72e857a elementor-widget elementor-widget-text-editor\" data-id=\"72e857a\" data-element_type=\"widget\" data-e-type=\"widget\" data-widget_type=\"text-editor.default\">\n\t\t\t\t<div class=\"elementor-widget-container\">\n\t\t\t\t\t\t\t\t\t<p>Le d\u00e9veloppement des liens avec les Eglises suisse-al\u00e9maniques : <br \/>il est \u00e0 soigner et \u00e0 d\u00e9velopper : nombre des membres des Eglises fran\u00e7aises sont bien int\u00e9gr\u00e9s en suisse allemande, sont aussi membres d\u2019une Eglise de quartier, et souhaitent ces liens. Et les Eglises fran\u00e7aises peuvent ainsi favoriser des ponts entre les r\u00e9gions linguistiques de la Suisse.<\/p><p>Le d\u00e9fi de l\u2019interculturalit\u00e9: comment partager la vie et la foi avec des personnes qui ont grandi dans des \u00c9glises marqu\u00e9es par d\u2019autres cultures, d\u2019autres modes de croire et de vivre l\u2019Eglise ? C\u2019est l\u00e0 un d\u00e9fi passionnant et exigeant, qui participe \u00e0 l\u2019int\u00e9gration des personnes issues de la migration, et qui peut \u00eatre une chance de faire \u00e9voluer les Eglises en Suisse.<\/p><p>Le d\u00e9fi des g\u00e9n\u00e9rations : comment atteindre les jeunes g\u00e9n\u00e9rations tout en prenant soin de ces nombreuses personnes \u00e2g\u00e9es qui ont v\u00e9cu des temps tr\u00e8s forts de leur vie au sein des Eglises fran\u00e7aises ? Si ce d\u00e9fi concerne toutes les Eglises d\u2019Occident, la pyramide des \u00e2ges un peu particuli\u00e8re des Eglises de la CERFSA (beaucoup de francophones sont venus dans les annees 70, qui sont aujourd\u2019hui \u00e2g\u00e9s), force encore plus \u00e0 la r\u00e9flexion et \u00e0 l\u2019action.<\/p><p>Les liens entre les Eglises de la Cerfsa sont r\u00e9guliers :<br \/>A c\u00f4t\u00e9 de l\u2019assembl\u00e9e g\u00e9n\u00e9rale qui se r\u00e9unit une fois par an, plusieurs rencontres rythment l\u2019ann\u00e9e: rencontre festive des groupes d\u2019enfants, rencontre th\u00e9matique des conseillers de paroisse, retraite des pasteurs avec de riches \u00e9changes, pastorale r\u00e9cr\u00e9ative de tous les salari\u00e9s, culte cerfsa unique ou culte cerfsa avec \u00e9change de chaire g\u00e9n\u00e9ralis\u00e9; et tous les deux ans un samedi de r\u00e9flexion sur un th\u00e8me en lien avec la mission.<\/p><p>De quoi vivre et \u00e0 construire pour des ann\u00e9es encore!<\/p>\t\t\t\t\t\t\t\t<\/div>\n\t\t\t\t<\/div>\n\t\t\t\t<\/div>\n\t\t\t\t\t<\/div>\n\t\t\t\t<\/div>\n\t\t\t\t<\/div>\n\t\t<div class=\"elementor-element elementor-element-3292967 e-flex e-con-boxed e-con e-parent\" data-id=\"3292967\" data-element_type=\"container\" data-e-type=\"container\" id=\"eglises\" data-settings=\"{&quot;background_background&quot;:&quot;classic&quot;}\">\n\t\t\t\t\t<div class=\"e-con-inner\">\n\t\t<div class=\"elementor-element elementor-element-02bcc8c e-con-full e-flex e-con e-child\" data-id=\"02bcc8c\" data-element_type=\"container\" data-e-type=\"container\" data-settings=\"{&quot;background_background&quot;:&quot;classic&quot;}\">\n\t\t<div class=\"elementor-element elementor-element-56b4733 e-con-full e-flex e-con e-child\" data-id=\"56b4733\" data-element_type=\"container\" data-e-type=\"container\">\n\t\t\t\t<div class=\"elementor-element elementor-element-e5db70e elementor-widget elementor-widget-image\" data-id=\"e5db70e\" data-element_type=\"widget\" data-e-type=\"widget\" data-widget_type=\"image.default\">\n\t\t\t\t<div class=\"elementor-widget-container\">\n\t\t\t\t\t\t\t\t\t\t\t\t\t\t\t<img decoding=\"async\" width=\"100\" height=\"100\" src=\"https:\/\/cerfsa.ch\/wp-content\/uploads\/2024\/11\/argovie.png\" class=\"attachment-large size-large wp-image-42\" alt=\"\" \/>\t\t\t\t\t\t\t\t\t\t\t\t\t\t\t<\/div>\n\t\t\t\t<\/div>\n\t\t\t\t<\/div>\n\t\t\t\t<div class=\"elementor-element elementor-element-5fe33cd elementor-widget elementor-widget-heading\" data-id=\"5fe33cd\" data-element_type=\"widget\" data-e-type=\"widget\" data-widget_type=\"heading.default\">\n\t\t\t\t<div class=\"elementor-widget-container\">\n\t\t\t\t\t<h2 class=\"elementor-heading-title elementor-size-default\">Eglise fran\u00e7aise en Argovie<\/h2>\t\t\t\t<\/div>\n\t\t\t\t<\/div>\n\t\t\t\t<div class=\"elementor-element elementor-element-a4022f3 elementor-widget elementor-widget-text-editor\" data-id=\"a4022f3\" data-element_type=\"widget\" data-e-type=\"widget\" data-widget_type=\"text-editor.default\">\n\t\t\t\t<div class=\"elementor-widget-container\">\n\t\t\t\t\t\t\t\t\t<p>Secr\u00e9tariat<\/p><p>Madame Delphine M\u00fcller,<br \/>Burghalde 26, 5024 K\u00fcttigen<\/p><p>079 503 36 28<br \/>efargovie@bluewin.ch<\/p>\t\t\t\t\t\t\t\t<\/div>\n\t\t\t\t<\/div>\n\t\t\t\t<div class=\"elementor-element elementor-element-621c6fd elementor-align-center elementor-widget elementor-widget-button\" data-id=\"621c6fd\" data-element_type=\"widget\" data-e-type=\"widget\" data-widget_type=\"button.default\">\n\t\t\t\t<div class=\"elementor-widget-container\">\n\t\t\t\t\t\t\t\t\t<div class=\"elementor-button-wrapper\">\n\t\t\t\t\t<a class=\"elementor-button elementor-button-link elementor-size-sm\" href=\"#\">\n\t\t\t\t\t\t<span class=\"elementor-button-content-wrapper\">\n\t\t\t\t\t\t\t\t\t<span class=\"elementor-button-text\">Voir le site<\/span>\n\t\t\t\t\t<\/span>\n\t\t\t\t\t<\/a>\n\t\t\t\t<\/div>\n\t\t\t\t\t\t\t\t<\/div>\n\t\t\t\t<\/div>\n\t\t\t\t<\/div>\n\t\t<div class=\"elementor-element elementor-element-0e25afc e-con-full e-flex e-con e-child\" data-id=\"0e25afc\" data-element_type=\"container\" data-e-type=\"container\" data-settings=\"{&quot;background_background&quot;:&quot;classic&quot;}\">\n\t\t<div class=\"elementor-element elementor-element-e04c4b3 e-con-full e-flex e-con e-child\" data-id=\"e04c4b3\" data-element_type=\"container\" data-e-type=\"container\">\n\t\t\t\t<div class=\"elementor-element elementor-element-47b7cd5 elementor-widget elementor-widget-image\" data-id=\"47b7cd5\" data-element_type=\"widget\" data-e-type=\"widget\" data-widget_type=\"image.default\">\n\t\t\t\t<div class=\"elementor-widget-container\">\n\t\t\t\t\t\t\t\t\t\t\t\t\t\t\t<img decoding=\"async\" width=\"500\" height=\"250\" src=\"https:\/\/cerfsa.ch\/wp-content\/uploads\/2024\/11\/bale.png\" class=\"attachment-large size-large wp-image-43\" alt=\"\" srcset=\"https:\/\/cerfsa.ch\/wp-content\/uploads\/2024\/11\/bale.png 500w, https:\/\/cerfsa.ch\/wp-content\/uploads\/2024\/11\/bale-300x150.png 300w\" sizes=\"(max-width: 500px) 100vw, 500px\" \/>\t\t\t\t\t\t\t\t\t\t\t\t\t\t\t<\/div>\n\t\t\t\t<\/div>\n\t\t\t\t<\/div>\n\t\t\t\t<div class=\"elementor-element elementor-element-9917e87 elementor-widget elementor-widget-heading\" data-id=\"9917e87\" data-element_type=\"widget\" data-e-type=\"widget\" data-widget_type=\"heading.default\">\n\t\t\t\t<div class=\"elementor-widget-container\">\n\t\t\t\t\t<h2 class=\"elementor-heading-title elementor-size-default\">Eglise fran\u00e7aise de B\u00e2le<\/h2>\t\t\t\t<\/div>\n\t\t\t\t<\/div>\n\t\t\t\t<div class=\"elementor-element elementor-element-dcab820 elementor-widget elementor-widget-text-editor\" data-id=\"dcab820\" data-element_type=\"widget\" data-e-type=\"widget\" data-widget_type=\"text-editor.default\">\n\t\t\t\t<div class=\"elementor-widget-container\">\n\t\t\t\t\t\t\t\t\t<p>Secr\u00e9taire<br \/>Madame Anne Merz,<br \/>Holbeinplatz 7, 4051 Basel.<\/p><p>061270 96 66<\/p><p>eglise.francaise@erk-bs.ch<\/p>\t\t\t\t\t\t\t\t<\/div>\n\t\t\t\t<\/div>\n\t\t\t\t<div class=\"elementor-element elementor-element-e160a94 elementor-align-center elementor-widget elementor-widget-button\" data-id=\"e160a94\" data-element_type=\"widget\" data-e-type=\"widget\" data-widget_type=\"button.default\">\n\t\t\t\t<div class=\"elementor-widget-container\">\n\t\t\t\t\t\t\t\t\t<div class=\"elementor-button-wrapper\">\n\t\t\t\t\t<a class=\"elementor-button elementor-button-link elementor-size-sm\" href=\"#\">\n\t\t\t\t\t\t<span class=\"elementor-button-content-wrapper\">\n\t\t\t\t\t\t\t\t\t<span class=\"elementor-button-text\">Voir le site<\/span>\n\t\t\t\t\t<\/span>\n\t\t\t\t\t<\/a>\n\t\t\t\t<\/div>\n\t\t\t\t\t\t\t\t<\/div>\n\t\t\t\t<\/div>\n\t\t\t\t<\/div>\n\t\t<div class=\"elementor-element elementor-element-390ac2e e-con-full e-flex e-con e-child\" data-id=\"390ac2e\" data-element_type=\"container\" data-e-type=\"container\" data-settings=\"{&quot;background_background&quot;:&quot;classic&quot;}\">\n\t\t<div class=\"elementor-element elementor-element-10c89d0 e-con-full e-flex e-con e-child\" data-id=\"10c89d0\" data-element_type=\"container\" data-e-type=\"container\">\n\t\t\t\t<div class=\"elementor-element elementor-element-99c0016 elementor-widget elementor-widget-image\" data-id=\"99c0016\" data-element_type=\"widget\" data-e-type=\"widget\" data-widget_type=\"image.default\">\n\t\t\t\t<div class=\"elementor-widget-container\">\n\t\t\t\t\t\t\t\t\t\t\t\t\t\t\t<img loading=\"lazy\" decoding=\"async\" width=\"100\" height=\"100\" src=\"https:\/\/cerfsa.ch\/wp-content\/uploads\/2024\/11\/saint-gall.png\" class=\"attachment-large size-large wp-image-39\" alt=\"\" \/>\t\t\t\t\t\t\t\t\t\t\t\t\t\t\t<\/div>\n\t\t\t\t<\/div>\n\t\t\t\t<\/div>\n\t\t\t\t<div class=\"elementor-element elementor-element-de9c18a elementor-widget elementor-widget-heading\" data-id=\"de9c18a\" data-element_type=\"widget\" data-e-type=\"widget\" data-widget_type=\"heading.default\">\n\t\t\t\t<div class=\"elementor-widget-container\">\n\t\t\t\t\t<h2 class=\"elementor-heading-title elementor-size-default\">Eglise r\u00e9form\u00e9e de Saint-Gall<\/h2>\t\t\t\t<\/div>\n\t\t\t\t<\/div>\n\t\t\t\t<div class=\"elementor-element elementor-element-363c26e elementor-widget elementor-widget-text-editor\" data-id=\"363c26e\" data-element_type=\"widget\" data-e-type=\"widget\" data-widget_type=\"text-editor.default\">\n\t\t\t\t<div class=\"elementor-widget-container\">\n\t\t\t\t\t\t\t\t\t<p>Pasteur<\/p><p>Monsieur Redouane Es-Sbanti,<br \/>Rosenbergweg 18, 9000 St Gallen<\/p><p>071 801 96 02<\/p><p>mail: redouane.essbanti(at)me.com<\/p>\t\t\t\t\t\t\t\t<\/div>\n\t\t\t\t<\/div>\n\t\t\t\t<div class=\"elementor-element elementor-element-edeed60 elementor-align-center elementor-widget elementor-widget-button\" data-id=\"edeed60\" data-element_type=\"widget\" data-e-type=\"widget\" data-widget_type=\"button.default\">\n\t\t\t\t<div class=\"elementor-widget-container\">\n\t\t\t\t\t\t\t\t\t<div class=\"elementor-button-wrapper\">\n\t\t\t\t\t<a class=\"elementor-button elementor-button-link elementor-size-sm\" href=\"#\">\n\t\t\t\t\t\t<span class=\"elementor-button-content-wrapper\">\n\t\t\t\t\t\t\t\t\t<span class=\"elementor-button-text\">Voir le site<\/span>\n\t\t\t\t\t<\/span>\n\t\t\t\t\t<\/a>\n\t\t\t\t<\/div>\n\t\t\t\t\t\t\t\t<\/div>\n\t\t\t\t<\/div>\n\t\t\t\t<\/div>\n\t\t\t\t\t<\/div>\n\t\t\t\t<\/div>\n\t\t<div class=\"elementor-element elementor-element-4dc554d e-flex e-con-boxed e-con e-parent\" data-id=\"4dc554d\" data-element_type=\"container\" data-e-type=\"container\" data-settings=\"{&quot;background_background&quot;:&quot;classic&quot;}\">\n\t\t\t\t\t<div class=\"e-con-inner\">\n\t\t<div class=\"elementor-element elementor-element-202b48f e-con-full e-flex e-con e-child\" data-id=\"202b48f\" data-element_type=\"container\" data-e-type=\"container\" data-settings=\"{&quot;background_background&quot;:&quot;classic&quot;}\">\n\t\t<div class=\"elementor-element elementor-element-341592b e-con-full e-flex e-con e-child\" data-id=\"341592b\" data-element_type=\"container\" data-e-type=\"container\">\n\t\t\t\t<div class=\"elementor-element elementor-element-c7be2ba elementor-widget elementor-widget-image\" data-id=\"c7be2ba\" data-element_type=\"widget\" data-e-type=\"widget\" data-widget_type=\"image.default\">\n\t\t\t\t<div class=\"elementor-widget-container\">\n\t\t\t\t\t\t\t\t\t\t\t\t\t\t\t<img loading=\"lazy\" decoding=\"async\" width=\"100\" height=\"100\" src=\"https:\/\/cerfsa.ch\/wp-content\/uploads\/2024\/11\/schaffhausen.png\" class=\"attachment-large size-large wp-image-40\" alt=\"\" \/>\t\t\t\t\t\t\t\t\t\t\t\t\t\t\t<\/div>\n\t\t\t\t<\/div>\n\t\t\t\t<\/div>\n\t\t\t\t<div class=\"elementor-element elementor-element-e74f7a2 elementor-widget elementor-widget-heading\" data-id=\"e74f7a2\" data-element_type=\"widget\" data-e-type=\"widget\" data-widget_type=\"heading.default\">\n\t\t\t\t<div class=\"elementor-widget-container\">\n\t\t\t\t\t<h2 class=\"elementor-heading-title elementor-size-default\">Eglise fran\u00e7aise en Argovie<\/h2>\t\t\t\t<\/div>\n\t\t\t\t<\/div>\n\t\t\t\t<div class=\"elementor-element elementor-element-00679c4 elementor-widget elementor-widget-text-editor\" data-id=\"00679c4\" data-element_type=\"widget\" data-e-type=\"widget\" data-widget_type=\"text-editor.default\">\n\t\t\t\t<div class=\"elementor-widget-container\">\n\t\t\t\t\t\t\t\t\t<p>Secr\u00e9taria<\/p><p>Madame Delphine M\u00fcller,<br \/>Burghalde 26, 5024 K\u00fcttigen<\/p><p>079 503 36 28<br \/>efargovie@bluewin.ch<\/p>\t\t\t\t\t\t\t\t<\/div>\n\t\t\t\t<\/div>\n\t\t\t\t<div class=\"elementor-element elementor-element-e0487e0 elementor-align-center elementor-widget elementor-widget-button\" data-id=\"e0487e0\" data-element_type=\"widget\" data-e-type=\"widget\" data-widget_type=\"button.default\">\n\t\t\t\t<div class=\"elementor-widget-container\">\n\t\t\t\t\t\t\t\t\t<div class=\"elementor-button-wrapper\">\n\t\t\t\t\t<a class=\"elementor-button elementor-button-link elementor-size-sm\" href=\"#\">\n\t\t\t\t\t\t<span class=\"elementor-button-content-wrapper\">\n\t\t\t\t\t\t\t\t\t<span class=\"elementor-button-text\">Voir le site<\/span>\n\t\t\t\t\t<\/span>\n\t\t\t\t\t<\/a>\n\t\t\t\t<\/div>\n\t\t\t\t\t\t\t\t<\/div>\n\t\t\t\t<\/div>\n\t\t\t\t<\/div>\n\t\t<div class=\"elementor-element elementor-element-bfccba2 e-con-full e-flex e-con e-child\" data-id=\"bfccba2\" data-element_type=\"container\" data-e-type=\"container\" data-settings=\"{&quot;background_background&quot;:&quot;classic&quot;}\">\n\t\t<div class=\"elementor-element elementor-element-2393521 e-con-full e-flex e-con e-child\" data-id=\"2393521\" data-element_type=\"container\" data-e-type=\"container\">\n\t\t\t\t<div class=\"elementor-element elementor-element-5112799 elementor-widget elementor-widget-image\" data-id=\"5112799\" data-element_type=\"widget\" data-e-type=\"widget\" data-widget_type=\"image.default\">\n\t\t\t\t<div class=\"elementor-widget-container\">\n\t\t\t\t\t\t\t\t\t\t\t\t\t\t\t<img loading=\"lazy\" decoding=\"async\" width=\"100\" height=\"100\" src=\"https:\/\/cerfsa.ch\/wp-content\/uploads\/2024\/11\/lucerne.png\" class=\"attachment-large size-large wp-image-44\" alt=\"\" \/>\t\t\t\t\t\t\t\t\t\t\t\t\t\t\t<\/div>\n\t\t\t\t<\/div>\n\t\t\t\t<\/div>\n\t\t\t\t<div class=\"elementor-element elementor-element-b5ba0f8 elementor-widget elementor-widget-heading\" data-id=\"b5ba0f8\" data-element_type=\"widget\" data-e-type=\"widget\" data-widget_type=\"heading.default\">\n\t\t\t\t<div class=\"elementor-widget-container\">\n\t\t\t\t\t<h2 class=\"elementor-heading-title elementor-size-default\">Eglise fran\u00e7aise Lucerne<\/h2>\t\t\t\t<\/div>\n\t\t\t\t<\/div>\n\t\t\t\t<div class=\"elementor-element elementor-element-f69c1c2 elementor-widget elementor-widget-text-editor\" data-id=\"f69c1c2\" data-element_type=\"widget\" data-e-type=\"widget\" data-widget_type=\"text-editor.default\">\n\t\t\t\t<div class=\"elementor-widget-container\">\n\t\t\t\t\t\t\t\t\t<p>Secr\u00e9taire<br \/>Madame Anne Merz,<br \/>Holbeinplatz 7, 4051 Basel.<\/p><p>061270 96 66<\/p><p>eglise.francaise@erk-bs.ch<\/p>\t\t\t\t\t\t\t\t<\/div>\n\t\t\t\t<\/div>\n\t\t\t\t<div class=\"elementor-element elementor-element-9c74b5b elementor-align-center elementor-widget elementor-widget-button\" data-id=\"9c74b5b\" data-element_type=\"widget\" data-e-type=\"widget\" data-widget_type=\"button.default\">\n\t\t\t\t<div class=\"elementor-widget-container\">\n\t\t\t\t\t\t\t\t\t<div class=\"elementor-button-wrapper\">\n\t\t\t\t\t<a class=\"elementor-button elementor-button-link elementor-size-sm\" href=\"#\">\n\t\t\t\t\t\t<span class=\"elementor-button-content-wrapper\">\n\t\t\t\t\t\t\t\t\t<span class=\"elementor-button-text\">Voir le site<\/span>\n\t\t\t\t\t<\/span>\n\t\t\t\t\t<\/a>\n\t\t\t\t<\/div>\n\t\t\t\t\t\t\t\t<\/div>\n\t\t\t\t<\/div>\n\t\t\t\t<\/div>\n\t\t<div class=\"elementor-element elementor-element-9ff527e e-con-full e-flex e-con e-child\" data-id=\"9ff527e\" data-element_type=\"container\" data-e-type=\"container\" data-settings=\"{&quot;background_background&quot;:&quot;classic&quot;}\">\n\t\t<div class=\"elementor-element elementor-element-9d7a673 e-con-full e-flex e-con e-child\" data-id=\"9d7a673\" data-element_type=\"container\" data-e-type=\"container\">\n\t\t\t\t<div class=\"elementor-element elementor-element-9a6eef3 elementor-widget elementor-widget-image\" data-id=\"9a6eef3\" data-element_type=\"widget\" data-e-type=\"widget\" data-widget_type=\"image.default\">\n\t\t\t\t<div class=\"elementor-widget-container\">\n\t\t\t\t\t\t\t\t\t\t\t\t\t\t\t<img loading=\"lazy\" decoding=\"async\" width=\"100\" height=\"100\" src=\"https:\/\/cerfsa.ch\/wp-content\/uploads\/2024\/11\/zurick.png\" class=\"attachment-large size-large wp-image-41\" alt=\"\" \/>\t\t\t\t\t\t\t\t\t\t\t\t\t\t\t<\/div>\n\t\t\t\t<\/div>\n\t\t\t\t<\/div>\n\t\t\t\t<div class=\"elementor-element elementor-element-3d70647 elementor-widget elementor-widget-heading\" data-id=\"3d70647\" data-element_type=\"widget\" data-e-type=\"widget\" data-widget_type=\"heading.default\">\n\t\t\t\t<div class=\"elementor-widget-container\">\n\t\t\t\t\t<h2 class=\"elementor-heading-title elementor-size-default\">Eglise r\u00e9form\u00e9e Zurichoise de langue fran\u00e7aise<\/h2>\t\t\t\t<\/div>\n\t\t\t\t<\/div>\n\t\t\t\t<div class=\"elementor-element elementor-element-77e8bac elementor-widget elementor-widget-text-editor\" data-id=\"77e8bac\" data-element_type=\"widget\" data-e-type=\"widget\" data-widget_type=\"text-editor.default\">\n\t\t\t\t<div class=\"elementor-widget-container\">\n\t\t\t\t\t\t\t\t\t<p>Pasteur Monsieur Redouane Es-Sbanti,<br \/>Rosenbergweg 18, 9000 St Gallen<\/p><p>071 801 96 02<\/p><p>mail: redouane.essbanti(at)me.com<\/p>\t\t\t\t\t\t\t\t<\/div>\n\t\t\t\t<\/div>\n\t\t\t\t<div class=\"elementor-element elementor-element-a747162 elementor-align-center elementor-widget elementor-widget-button\" data-id=\"a747162\" data-element_type=\"widget\" data-e-type=\"widget\" data-widget_type=\"button.default\">\n\t\t\t\t<div class=\"elementor-widget-container\">\n\t\t\t\t\t\t\t\t\t<div class=\"elementor-button-wrapper\">\n\t\t\t\t\t<a class=\"elementor-button elementor-button-link elementor-size-sm\" href=\"#\">\n\t\t\t\t\t\t<span class=\"elementor-button-content-wrapper\">\n\t\t\t\t\t\t\t\t\t<span class=\"elementor-button-text\">Voir le site<\/span>\n\t\t\t\t\t<\/span>\n\t\t\t\t\t<\/a>\n\t\t\t\t<\/div>\n\t\t\t\t\t\t\t\t<\/div>\n\t\t\t\t<\/div>\n\t\t\t\t<\/div>\n\t\t\t\t\t<\/div>\n\t\t\t\t<\/div>\n\t\t<div class=\"elementor-element elementor-element-560df99 e-flex e-con-boxed e-con e-parent\" data-id=\"560df99\" data-element_type=\"container\" data-e-type=\"container\" id=\"contact\">\n\t\t\t\t\t<div class=\"e-con-inner\">\n\t\t<div class=\"elementor-element elementor-element-d8a5f50 e-con-full e-flex e-con e-child\" data-id=\"d8a5f50\" data-element_type=\"container\" data-e-type=\"container\">\n\t\t\t\t<div class=\"elementor-element elementor-element-b4182d3 elementor-widget elementor-widget-heading\" data-id=\"b4182d3\" data-element_type=\"widget\" data-e-type=\"widget\" data-widget_type=\"heading.default\">\n\t\t\t\t<div class=\"elementor-widget-container\">\n\t\t\t\t\t<h2 class=\"elementor-heading-title elementor-size-default\">\u00c9glises de la cerfsa...<\/h2>\t\t\t\t<\/div>\n\t\t\t\t<\/div>\n\t\t\t\t<div class=\"elementor-element elementor-element-3829f2a elementor-widget elementor-widget-text-editor\" data-id=\"3829f2a\" data-element_type=\"widget\" data-e-type=\"widget\" data-widget_type=\"text-editor.default\">\n\t\t\t\t<div class=\"elementor-widget-container\">\n\t\t\t\t\t\t\t\t\t<p><a href=\"https:\/\/www.reformes.ch\/page\/membres-de-la-cer#\" target=\"_blank\" rel=\"noopener\">Portail de la Conf\u00e9rence des Eglises Romandes (CER)<\/a><br \/><a href=\"http:\/\/www.evref.ch\/\" target=\"_blank\" rel=\"noopener\">Eglise \u00e9vang\u00e9lique r\u00e9form\u00e9e de Suisse, EERS<\/a><br \/><a href=\"http:\/\/www.evref.ch\/\" target=\"_blank\" rel=\"noopener\">www.evref.ch<\/a><br \/><a href=\"https:\/\/www.oikoumene.org\/fr\" target=\"_blank\" rel=\"noopener\">Site du Conseil Oecum\u00e9nique des Eglises<\/a><\/p><p><strong>Bible, culture<\/strong><\/p><ul><li><a href=\"https:\/\/www.museeprotestant.org\/musees-et-partenaires\/\" target=\"_blank\" rel=\"noopener\">Mus\u00e9e virtuel protestant<\/a><\/li><li><a href=\"https:\/\/www.religioscope.org\/\" target=\"_blank\" rel=\"noopener\">Religioscope<\/a><\/li><li><a href=\"http:\/\/www.onlinebible.org\/html\/fre\/index.htm\" target=\"_blank\" rel=\"noopener\">Info-bible<\/a><\/li><li><a href=\"https:\/\/www.musee-reforme.ch\/\" target=\"_blank\" rel=\"noopener\">Musee-reforme.ch<\/a><\/li><\/ul><p><strong><br \/>Oeuvres d\u2019entraide<\/strong><\/p><ul><li><a href=\"https:\/\/www.eper.ch\/\" target=\"_blank\" rel=\"noopener\">eper.ch<\/a><\/li><li><a href=\"https:\/\/painpourleprochain.ch\/\" target=\"_blank\" rel=\"noopener\">painpourleprochain.ch<\/a><\/li><li><a href=\"https:\/\/www.dmr.ch\/\" target=\"_blank\" rel=\"noopener\">dmr.ch<\/a><\/li><\/ul><p><strong><br \/>Cultes radiodiffus\u00e9s et t\u00e9l\u00e9vis\u00e9s<\/strong><\/p><ul><li><a href=\"https:\/\/celebrer.ch\/\" target=\"_blank\" rel=\"noopener\">celebrer.ch<\/a><\/li><\/ul>\t\t\t\t\t\t\t\t<\/div>\n\t\t\t\t<\/div>\n\t\t\t\t<\/div>\n\t\t<div class=\"elementor-element elementor-element-ebb7aff e-con-full e-flex e-con e-child\" data-id=\"ebb7aff\" data-element_type=\"container\" data-e-type=\"container\">\n\t\t\t\t<div class=\"elementor-element elementor-element-d1d001e eael-gravity-form-button-custom elementor-widget elementor-widget-eael-gravity-form\" data-id=\"d1d001e\" data-element_type=\"widget\" data-e-type=\"widget\" data-widget_type=\"eael-gravity-form.default\">\n\t\t\t\t<div class=\"elementor-widget-container\">\n\t\t\t\t\t\t\t\t<div class=\"eael-contact-form eael-gravity-form eael-contact-form-align-default\">\n\t\t        <script>\nvar gform;gform||(document.addEventListener(\"gform_main_scripts_loaded\",function(){gform.scriptsLoaded=!0}),document.addEventListener(\"gform\/theme\/scripts_loaded\",function(){gform.themeScriptsLoaded=!0}),window.addEventListener(\"DOMContentLoaded\",function(){gform.domLoaded=!0}),gform={domLoaded:!1,scriptsLoaded:!1,themeScriptsLoaded:!1,isFormEditor:()=>\"function\"==typeof InitializeEditor,callIfLoaded:function(o){return!(!gform.domLoaded||!gform.scriptsLoaded||!gform.themeScriptsLoaded&&!gform.isFormEditor()||(gform.isFormEditor()&&console.warn(\"The use of gform.initializeOnLoaded() is deprecated in the form editor context and will be removed in Gravity Forms 3.1.\"),o(),0))},initializeOnLoaded:function(o){gform.callIfLoaded(o)||(document.addEventListener(\"gform_main_scripts_loaded\",()=>{gform.scriptsLoaded=!0,gform.callIfLoaded(o)}),document.addEventListener(\"gform\/theme\/scripts_loaded\",()=>{gform.themeScriptsLoaded=!0,gform.callIfLoaded(o)}),window.addEventListener(\"DOMContentLoaded\",()=>{gform.domLoaded=!0,gform.callIfLoaded(o)}))},hooks:{action:{},filter:{}},addAction:function(o,r,e,t){gform.addHook(\"action\",o,r,e,t)},addFilter:function(o,r,e,t){gform.addHook(\"filter\",o,r,e,t)},doAction:function(o){gform.doHook(\"action\",o,arguments)},applyFilters:function(o){return gform.doHook(\"filter\",o,arguments)},removeAction:function(o,r){gform.removeHook(\"action\",o,r)},removeFilter:function(o,r,e){gform.removeHook(\"filter\",o,r,e)},addHook:function(o,r,e,t,n){null==gform.hooks[o][r]&&(gform.hooks[o][r]=[]);var d=gform.hooks[o][r];null==n&&(n=r+\"_\"+d.length),gform.hooks[o][r].push({tag:n,callable:e,priority:t=null==t?10:t})},doHook:function(r,o,e){var t;if(e=Array.prototype.slice.call(e,1),null!=gform.hooks[r][o]&&((o=gform.hooks[r][o]).sort(function(o,r){return o.priority-r.priority}),o.forEach(function(o){\"function\"!=typeof(t=o.callable)&&(t=window[t]),\"action\"==r?t.apply(null,e):e[0]=t.apply(null,e)})),\"filter\"==r)return e[0]},removeHook:function(o,r,t,n){var e;null!=gform.hooks[o][r]&&(e=(e=gform.hooks[o][r]).filter(function(o,r,e){return!!(null!=n&&n!=o.tag||null!=t&&t!=o.priority)}),gform.hooks[o][r]=e)}});\n<\/script>\n\n                <div class='gf_browser_gecko gform_wrapper gform-theme gform-theme--foundation gform-theme--framework gform-theme--orbital' data-form-theme='orbital' data-form-index='0' id='gform_wrapper_1' ><style>#gform_wrapper_1[data-form-index=\"0\"].gform-theme,[data-parent-form=\"1_0\"]{--gf-color-primary: #204ce5;--gf-color-primary-rgb: 32, 76, 229;--gf-color-primary-contrast: #fff;--gf-color-primary-contrast-rgb: 255, 255, 255;--gf-color-primary-darker: #001AB3;--gf-color-primary-lighter: #527EFF;--gf-color-secondary: #fff;--gf-color-secondary-rgb: 255, 255, 255;--gf-color-secondary-contrast: #112337;--gf-color-secondary-contrast-rgb: 17, 35, 55;--gf-color-secondary-darker: #F5F5F5;--gf-color-secondary-lighter: #FFFFFF;--gf-color-out-ctrl-light: rgba(17, 35, 55, 0.1);--gf-color-out-ctrl-light-rgb: 17, 35, 55;--gf-color-out-ctrl-light-darker: rgba(104, 110, 119, 0.35);--gf-color-out-ctrl-light-lighter: #F5F5F5;--gf-color-out-ctrl-dark: #585e6a;--gf-color-out-ctrl-dark-rgb: 88, 94, 106;--gf-color-out-ctrl-dark-darker: #112337;--gf-color-out-ctrl-dark-lighter: rgba(17, 35, 55, 0.65);--gf-color-in-ctrl: #fff;--gf-color-in-ctrl-rgb: 255, 255, 255;--gf-color-in-ctrl-contrast: #112337;--gf-color-in-ctrl-contrast-rgb: 17, 35, 55;--gf-color-in-ctrl-darker: #F5F5F5;--gf-color-in-ctrl-lighter: #FFFFFF;--gf-color-in-ctrl-primary: #204ce5;--gf-color-in-ctrl-primary-rgb: 32, 76, 229;--gf-color-in-ctrl-primary-contrast: #fff;--gf-color-in-ctrl-primary-contrast-rgb: 255, 255, 255;--gf-color-in-ctrl-primary-darker: #001AB3;--gf-color-in-ctrl-primary-lighter: #527EFF;--gf-color-in-ctrl-light: rgba(17, 35, 55, 0.1);--gf-color-in-ctrl-light-rgb: 17, 35, 55;--gf-color-in-ctrl-light-darker: rgba(104, 110, 119, 0.35);--gf-color-in-ctrl-light-lighter: #F5F5F5;--gf-color-in-ctrl-dark: #585e6a;--gf-color-in-ctrl-dark-rgb: 88, 94, 106;--gf-color-in-ctrl-dark-darker: #112337;--gf-color-in-ctrl-dark-lighter: rgba(17, 35, 55, 0.65);--gf-radius: 3px;--gf-font-size-secondary: 14px;--gf-font-size-tertiary: 13px;--gf-icon-ctrl-number: url(\"data:image\/svg+xml,%3Csvg width='8' height='14' viewBox='0 0 8 14' fill='none' xmlns='http:\/\/www.w3.org\/2000\/svg'%3E%3Cpath fill-rule='evenodd' clip-rule='evenodd' d='M4 0C4.26522 5.96046e-08 4.51957 0.105357 4.70711 0.292893L7.70711 3.29289C8.09763 3.68342 8.09763 4.31658 7.70711 4.70711C7.31658 5.09763 6.68342 5.09763 6.29289 4.70711L4 2.41421L1.70711 4.70711C1.31658 5.09763 0.683417 5.09763 0.292893 4.70711C-0.0976311 4.31658 -0.097631 3.68342 0.292893 3.29289L3.29289 0.292893C3.48043 0.105357 3.73478 0 4 0ZM0.292893 9.29289C0.683417 8.90237 1.31658 8.90237 1.70711 9.29289L4 11.5858L6.29289 9.29289C6.68342 8.90237 7.31658 8.90237 7.70711 9.29289C8.09763 9.68342 8.09763 10.3166 7.70711 10.7071L4.70711 13.7071C4.31658 14.0976 3.68342 14.0976 3.29289 13.7071L0.292893 10.7071C-0.0976311 10.3166 -0.0976311 9.68342 0.292893 9.29289Z' fill='rgba(17, 35, 55, 0.65)'\/%3E%3C\/svg%3E\");--gf-icon-ctrl-select: url(\"data:image\/svg+xml,%3Csvg width='10' height='6' viewBox='0 0 10 6' fill='none' xmlns='http:\/\/www.w3.org\/2000\/svg'%3E%3Cpath fill-rule='evenodd' clip-rule='evenodd' d='M0.292893 0.292893C0.683417 -0.097631 1.31658 -0.097631 1.70711 0.292893L5 3.58579L8.29289 0.292893C8.68342 -0.0976311 9.31658 -0.0976311 9.70711 0.292893C10.0976 0.683417 10.0976 1.31658 9.70711 1.70711L5.70711 5.70711C5.31658 6.09763 4.68342 6.09763 4.29289 5.70711L0.292893 1.70711C-0.0976311 1.31658 -0.0976311 0.683418 0.292893 0.292893Z' fill='rgba(17, 35, 55, 0.65)'\/%3E%3C\/svg%3E\");--gf-icon-ctrl-search: url(\"data:image\/svg+xml,%3Csvg width='640' height='640' xmlns='http:\/\/www.w3.org\/2000\/svg'%3E%3Cpath d='M256 128c-70.692 0-128 57.308-128 128 0 70.691 57.308 128 128 128 70.691 0 128-57.309 128-128 0-70.692-57.309-128-128-128zM64 256c0-106.039 85.961-192 192-192s192 85.961 192 192c0 41.466-13.146 79.863-35.498 111.248l154.125 154.125c12.496 12.496 12.496 32.758 0 45.254s-32.758 12.496-45.254 0L367.248 412.502C335.862 434.854 297.467 448 256 448c-106.039 0-192-85.962-192-192z' fill='rgba(17, 35, 55, 0.65)'\/%3E%3C\/svg%3E\");--gf-label-space-y-secondary: var(--gf-label-space-y-md-secondary);--gf-ctrl-border-color: #686e77;--gf-ctrl-size: var(--gf-ctrl-size-md);--gf-ctrl-label-color-primary: #112337;--gf-ctrl-label-color-secondary: #112337;--gf-ctrl-choice-size: var(--gf-ctrl-choice-size-md);--gf-ctrl-checkbox-check-size: var(--gf-ctrl-checkbox-check-size-md);--gf-ctrl-radio-check-size: var(--gf-ctrl-radio-check-size-md);--gf-ctrl-btn-font-size: var(--gf-ctrl-btn-font-size-md);--gf-ctrl-btn-padding-x: var(--gf-ctrl-btn-padding-x-md);--gf-ctrl-btn-size: var(--gf-ctrl-btn-size-md);--gf-ctrl-btn-border-color-secondary: #686e77;--gf-ctrl-file-btn-bg-color-hover: #EBEBEB;--gf-field-img-choice-size: var(--gf-field-img-choice-size-md);--gf-field-img-choice-card-space: var(--gf-field-img-choice-card-space-md);--gf-field-img-choice-check-ind-size: var(--gf-field-img-choice-check-ind-size-md);--gf-field-img-choice-check-ind-icon-size: var(--gf-field-img-choice-check-ind-icon-size-md);--gf-field-pg-steps-number-color: rgba(17, 35, 55, 0.8);}<\/style><form method='post' enctype='multipart\/form-data'  id='gform_1'  action='\/index.php\/wp-json\/wp\/v2\/pages\/25' data-formid='1' novalidate>\n                        <div class='gform-body gform_body'><div id='gform_fields_1' class='gform_fields top_label form_sublabel_above description_above validation_below'><div id=\"field_1_4\" class=\"gfield gfield--type-text gfield--input-type-text gfield--width-full gfield_contains_required field_sublabel_above gfield--no-description field_description_above field_validation_below gfield_visibility_visible\"  ><label class='gfield_label gform-field-label' for='input_1_4'>Votre nom<span class=\"gfield_required\"><span class=\"gfield_required gfield_required_text\">(N\u00e9cessaire)<\/span><\/span><\/label><div class='ginput_container ginput_container_text'><input name='input_4' id='input_1_4' type='text' value='' class='large'     aria-required=\"true\" aria-invalid=\"false\"   \/><\/div><\/div><div id=\"field_1_2\" class=\"gfield gfield--type-email gfield--input-type-email field_sublabel_above gfield--no-description field_description_above field_validation_below gfield_visibility_visible\"  ><label class='gfield_label gform-field-label' for='input_1_2'>Votre adresse mail<\/label><div class='ginput_container ginput_container_email'>\n                            <input name='input_2' id='input_1_2' type='email' value='' class='large'     aria-invalid=\"false\"  \/>\n                        <\/div><\/div><div id=\"field_1_3\" class=\"gfield gfield--type-textarea gfield--input-type-textarea gfield_contains_required field_sublabel_above gfield--has-description field_description_above field_validation_below gfield_visibility_visible\"  ><label class='gfield_label gform-field-label' for='input_1_3'>Votre message<span class=\"gfield_required\"><span class=\"gfield_required gfield_required_text\">(N\u00e9cessaire)<\/span><\/span><\/label><div class='gfield_description' id='gfield_description_1_3'>Faites-nous savoir ce que vous pensez. Vous avez une question \u00e0 nous poser\u00a0? Posez-la.<\/div><div class='ginput_container ginput_container_textarea'><textarea name='input_3' id='input_1_3' class='textarea medium'  aria-describedby=\"gfield_description_1_3\" maxlength='600'  aria-required=\"true\" aria-invalid=\"false\"   rows='10' cols='50'><\/textarea><\/div><\/div><fieldset id=\"field_1_5\" class=\"gfield gfield--type-consent gfield--type-choice gfield--input-type-consent gfield--width-full field_sublabel_above gfield--no-description field_description_above field_validation_below gfield_visibility_visible\"  ><legend class='gfield_label gform-field-label gfield_label_before_complex' >RGPD<\/legend><div class='ginput_container ginput_container_consent'><input name='input_5.1' id='input_1_5_1' type='checkbox' value='1'    aria-invalid=\"false\"   \/> <label class=\"gform-field-label gform-field-label--type-inline gfield_consent_label\" for='input_1_5_1' >J\u2019accepte la politique de confidentialit\u00e9.<\/label><input type='hidden' name='input_5.2' value='J\u2019accepte la politique de confidentialit\u00e9.' class='gform_hidden' \/><input type='hidden' name='input_5.3' value='1' class='gform_hidden' \/><\/div><\/fieldset><\/div><\/div>\n        <div class='gform-footer gform_footer top_label'> <input type='submit' id='gform_submit_button_1' class='gform_button button' onclick='gform.submission.handleButtonClick(this);' data-submission-type='submit' value='Envoyer'  \/> \n            <input type='hidden' class='gform_hidden' name='gform_submission_method' data-js='gform_submission_method_1' value='postback' \/>\n            <input type='hidden' class='gform_hidden' name='gform_theme' data-js='gform_theme_1' id='gform_theme_1' value='orbital' \/>\n            <input type='hidden' class='gform_hidden' name='gform_style_settings' data-js='gform_style_settings_1' id='gform_style_settings_1' value='' \/>\n            <input type='hidden' class='gform_hidden' name='is_submit_1' value='1' \/>\n            <input type='hidden' class='gform_hidden' name='gform_submit' value='1' \/>\n            \n            <input type='hidden' class='gform_hidden' name='gform_currency' data-currency='EUR' value='tbY1qg\/TquVR8r\/jXWCb1vVD6V5g5jK7FxL6I7bIX8MnQv9kHpZDOcKVmB4XHH65PpgIJlGegw0MpclZrRj7fxbYqNy7yildyEMD5ZinFkVqICY=' \/>\n            <input type='hidden' class='gform_hidden' name='gform_unique_id' value='' \/>\n            <input type='hidden' class='gform_hidden' name='state_1' value='WyJ7XCI1LjFcIjpcImVkNjAwNDM0MWMwNjUwNjhhOWY1ZjdmNWZhZjZiNWNhXCIsXCI1LjJcIjpcIjlmNmI5MjAxYTA5NWI5ZmY3MzU4Y2U4ZDc0YTE1OWFhXCIsXCI1LjNcIjpcImVkNjAwNDM0MWMwNjUwNjhhOWY1ZjdmNWZhZjZiNWNhXCJ9IiwiZWVlNWQxNGI4YmQ1MzQyZWJmZGM4OWIxZWFkOTQ3MmUiXQ==' \/>\n            <input type='hidden' autocomplete='off' class='gform_hidden' name='gform_target_page_number_1' id='gform_target_page_number_1' value='0' \/>\n            <input type='hidden' autocomplete='off' class='gform_hidden' name='gform_source_page_number_1' id='gform_source_page_number_1' value='1' \/>\n            <input type='hidden' name='gform_field_values' value='' \/>\n            \n        <\/div>\n                        <p style=\"display: none !important;\" class=\"akismet-fields-container\" data-prefix=\"ak_\"><label>&#916;<textarea name=\"ak_hp_textarea\" cols=\"45\" rows=\"8\" maxlength=\"100\"><\/textarea><\/label><input type=\"hidden\" id=\"ak_js_1\" name=\"ak_js\" value=\"250\"\/><script>\ndocument.getElementById( \"ak_js_1\" ).setAttribute( \"value\", ( new Date() ).getTime() );\n<\/script>\n<\/p><\/form>\n                        <\/div><script>\ngform.initializeOnLoaded( function() {gformInitSpinner( 1, 'https:\/\/cerfsa.ch\/wp-content\/plugins\/gravityforms\/images\/spinner.svg', false );jQuery('#gform_ajax_frame_1').on('load',function(){var contents = jQuery(this).contents().find('*').html();var is_postback = contents.indexOf('GF_AJAX_POSTBACK') >= 0;if(!is_postback){return;}var form_content = jQuery(this).contents().find('#gform_wrapper_1');var is_confirmation = jQuery(this).contents().find('#gform_confirmation_wrapper_1').length > 0;var is_redirect = contents.indexOf('gformRedirect(){') >= 0;var is_form = form_content.length > 0 && ! is_redirect && ! is_confirmation;var mt = parseInt(jQuery('html').css('margin-top'), 10) + parseInt(jQuery('body').css('margin-top'), 10) + 100;if(is_form){jQuery('#gform_wrapper_1').html(form_content.html());if(form_content.hasClass('gform_validation_error')){jQuery('#gform_wrapper_1').addClass('gform_validation_error');} else {jQuery('#gform_wrapper_1').removeClass('gform_validation_error');}setTimeout( function() { \/* delay the scroll by 50 milliseconds to fix a bug in chrome *\/  }, 50 );if(window['gformInitDatepicker']) {gformInitDatepicker();}if(window['gformInitPriceFields']) {gformInitPriceFields();}var current_page = jQuery('#gform_source_page_number_1').val();gformInitSpinner( 1, 'https:\/\/cerfsa.ch\/wp-content\/plugins\/gravityforms\/images\/spinner.svg', false );jQuery(document).trigger('gform_page_loaded', [1, current_page]);window['gf_submitting_1'] = false;}else if(!is_redirect){var confirmation_content = jQuery(this).contents().find('.GF_AJAX_POSTBACK').html();if(!confirmation_content){confirmation_content = contents;}jQuery('#gform_wrapper_1').replaceWith(confirmation_content);jQuery(document).trigger('gform_confirmation_loaded', [1]);window['gf_submitting_1'] = false;wp.a11y.speak(jQuery('#gform_confirmation_message_1').text());}else{jQuery('#gform_1').append(contents);if(window['gformRedirect']) {gformRedirect();}}jQuery(document).trigger(\"gform_pre_post_render\", [{ formId: \"1\", currentPage: \"current_page\", abort: function() { this.preventDefault(); } }]);        if (event && event.defaultPrevented) {                return;        }        const gformWrapperDiv = document.getElementById( \"gform_wrapper_1\" );        if ( gformWrapperDiv ) {            const visibilitySpan = document.createElement( \"span\" );            visibilitySpan.id = \"gform_visibility_test_1\";            gformWrapperDiv.insertAdjacentElement( \"afterend\", visibilitySpan );        }        const visibilityTestDiv = document.getElementById( \"gform_visibility_test_1\" );        let postRenderFired = false;        function triggerPostRender() {            if ( postRenderFired ) {                return;            }            postRenderFired = true;            gform.core.triggerPostRenderEvents( 1, current_page );            if ( visibilityTestDiv ) {                visibilityTestDiv.parentNode.removeChild( visibilityTestDiv );            }        }        function debounce( func, wait, immediate ) {            var timeout;            return function() {                var context = this, args = arguments;                var later = function() {                    timeout = null;                    if ( !immediate ) func.apply( context, args );                };                var callNow = immediate && !timeout;                clearTimeout( timeout );                timeout = setTimeout( later, wait );                if ( callNow ) func.apply( context, args );            };        }        const debouncedTriggerPostRender = debounce( function() {            triggerPostRender();        }, 200 );        if ( visibilityTestDiv && visibilityTestDiv.offsetParent === null ) {            const observer = new MutationObserver( ( mutations ) => {                mutations.forEach( ( mutation ) => {                    if ( mutation.type === 'attributes' && visibilityTestDiv.offsetParent !== null ) {                        debouncedTriggerPostRender();                        observer.disconnect();                    }                });            });            observer.observe( document.body, {                attributes: true,                childList: false,                subtree: true,                attributeFilter: [ 'style', 'class' ],            });        } else {            triggerPostRender();        }    } );} );\n<\/script>\n\t\t\t<\/div>\n\n            <script type=\"text\/javascript\">\n                var gf_global = {\"gf_currency_config\":{\"name\":\"Euro\",\"symbol_left\":\"\",\"symbol_right\":\"&#8364;\",\"symbol_padding\":\" \",\"thousand_separator\":\".\",\"decimal_separator\":\",\",\"decimals\":2,\"code\":\"EUR\"},\"base_url\":\"https:\\\/\\\/cerfsa.ch\\\/wp-content\\\/plugins\\\/gravityforms\",\"number_formats\":[],\"spinnerUrl\":\"https:\\\/\\\/cerfsa.ch\\\/wp-content\\\/plugins\\\/gravityforms\\\/images\\\/spinner.svg\",\"version_hash\":\"31204302ff43794b8db314358cded9e5\",\"strings\":{\"newRowAdded\":\"Nouvelle ligne ajout\\u00e9e.\",\"rowRemoved\":\"Rang\\u00e9e supprim\\u00e9e\",\"formSaved\":\"Le formulaire a \\u00e9t\\u00e9 enregistr\\u00e9. Le contenu contient le lien pour retourner et terminer le formulaire.\"}};\t\t\t\tvar gf_vars = {\"active\":\"Actif\",\"inactive\":\"Inactif\",\"save\":\"Enregistrer\",\"update\":\"Mettre \\u00e0 jour\",\"previousLabel\":\"Pr\\u00e9c\\u00e9dent\",\"selectFormat\":\"S\\u00e9lectionnez un format\",\"column\":\"Colonne\",\"editToViewAll\":\"5 \\u00e9l\\u00e9ments sur %d affich\\u00e9s. Modifiez le champ pour tout afficher.\",\"selectAll\":\"Tout s\\u00e9lectionner\",\"enterValue\":\"Saisir une valeur\",\"formTitle\":\"Formulaire sans titre\",\"formDescription\":\"N\\u2019h\\u00e9sitez pas \\u00e0 communiquer avec nous\\u00a0! Veuillez remplir ce formulaire et nous vous r\\u00e9pondrons sous peu.\",\"formConfirmationMessage\":\"Merci de nous avoir contact\\u00e9s\\u00a0! Nous vous r\\u00e9pondrons sous peu.\",\"buttonText\":\"Envoyer\",\"buttonDescription\":\"Le bouton d\\u2019envoi de ce formulaire\",\"loading\":\"Chargement\\u2026\",\"thisFieldIf\":\"ce champ si\",\"thisSectionIf\":\"cette section si\",\"thisPage\":\"cette page si\",\"thisFormButton\":\"ce bouton de formulaire si\",\"show\":\"Afficher\",\"hide\":\"Masquer\",\"enable\":\"Activer\",\"disable\":\"D\\u00e9sactiver\",\"enabled\":\"Activ\\u00e9\",\"disabled\":\"D\\u00e9sactiv\\u00e9\",\"configure\":\"Configurer\",\"conditional_logic_text\":\"Logique conditionnelle\",\"conditional_logic_desc\":\"La logique conditionnelle vous permet de modifier ce que l\\u2019utilisateur ou l\\u2019utilisatrice voit en fonction des champs s\\u00e9lectionn\\u00e9s.\",\"conditional_logic_a11y\":\"L\\u2019ajout d\\u2018une logique conditionnelle au bouton d\\u2019envoi du formulaire peut entra\\u00eener des probl\\u00e8mes d\\u2019utilisation pour certaines personnes et avoir un impact n\\u00e9gatif sur l\\u2019accessibilit\\u00e9 de votre formulaire. Pour en savoir plus sur la logique conditionnelle des boutons, consultez notre <a href=\\\"https:\\\/\\\/docs.gravityforms.com\\\/field-accessibility-warning\\\/\\\" target=\\\"_blank\\\" rel=\\\"noopener\\\">documentation<span class=\\\"screen-reader-text\\\">(s\\u2019ouvre dans un nouvel onglet)<\\\/span>&nbsp;<span class=\\\"gform-icon gform-icon--external-link\\\" aria-hidden=\\\"true\\\"><\\\/span><\\\/a>.\",\"page\":\"Page\",\"next_button\":\"Bouton suivant\",\"button\":\"Bouton d\\u2019envoi\",\"all\":\"Toutes\",\"any\":\"Certaines\",\"ofTheFollowingMatch\":\"l(d)es crit\\u00e8res suivants correspondent\\u00a0:\",\"is\":\"est\",\"isNot\":\"n\\u2019est pas\",\"greaterThan\":\"plus grand que\",\"lessThan\":\"plus petit que\",\"contains\":\"contient\",\"startsWith\":\"commence avec\",\"endsWith\":\"finit avec\",\"emptyChoice\":\"Vide (aucun choix s\\u00e9lectionn\\u00e9)\",\"alertLegacyMode\":\"Ce formulaire utilise d\\u2018anciennes balises et ne prend pas en charge le redimensionnement des champs dans l\\u2019\\u00e9diteur. Veuillez d\\u00e9sactiver l\\u2019ancien balisage dans les r\\u00e9glages du formulaire pour activer le redimensionnement en temps r\\u00e9el.\",\"thisConfirmation\":\"Utiliser cette confirmation si\",\"thisNotification\":\"Envoyer cette notification si\",\"confirmationSave\":\"Enregistrer\",\"confirmationSaving\":\"Enregistrement\\u2026\",\"confirmationAreYouSure\":\"Confirmez-vous l\\u2019annulation de ces modifications\\u00a0?\",\"confirmationIssueSaving\":\"Une erreur s\\u2019est produite lors de l\\u2019enregistrement de la confirmation.\",\"confirmationConfirmDelete\":\"Confirmez-vous la suppression de cette confirmation\\u00a0?\",\"confirmationIssueDeleting\":\"Une erreur s\\u2019est produite lors de la suppression de la confirmation.\",\"confirmationConfirmDiscard\":\"Les changements apport\\u00e9s \\u00e0 cette confirmation n\\u2019ont pas \\u00e9t\\u00e9 enregistr\\u00e9s. Voulez-vous vraiment annuler ces changements\\u00a0?\",\"confirmationDefaultName\":\"Confirmation sans titre\",\"confirmationDefaultMessage\":\"Merci de nous avoir contact\\u00e9s\\u00a0! Nous vous r\\u00e9pondrons sous peu.\",\"confirmationInvalidPageSelection\":\"Veuillez s\\u00e9lectionner une page.\",\"confirmationInvalidRedirect\":\"Veuillez saisir une URL.\",\"confirmationInvalidName\":\"Veuillez saisir un nom pour la confirmation.\",\"confirmationDeleteField\":\"La suppression de ce champ entrainera la suppression de toutes les donn\\u00e9es qui y sont associ\\u00e9es. \\u00ab OK \\u00bb pour supprimer, \\u00ab Annuler \\u00bb pour abandonner.\",\"confirmationDeleteDisplayField\":\"Vous \\u00eates sur le point de supprimer ce champ. \\u00ab\\u00a0Annuler\\u00a0\\u00bb pour arr\\u00eater. \\u00ab\\u00a0OK\\u00a0\\u00bb pour supprimer.\",\"confirmationDeleteDisplayFieldTitle\":\"Avertissement\",\"conditionalLogicDependency\":\"Avertissement ! Ce formulaire contient une logique conditionnelle {type} qui d\\u00e9pend de ce champ. La suppression de ce champ d\\u00e9sactivera ces r\\u00e8gles de logique conditionnelle et supprimera aussi toutes les entr\\u00e9es de donn\\u00e9es associ\\u00e9es \\u00e0 ce champ. \\u00ab\\u00a0OK\\u00a0\\u00bb pour supprimer, \\u00ab\\u00a0Annuler\\u00a0\\u00bb pour abandonner.\",\"conditionalLogicDependencyChoice\":\"Ce formulaire comporte des logiques conditionnelles {type} qui d\\u00e9pendent de ce choix. Confirmez-vous la suppression de ce choix ? \\u00ab\\u00a0OK\\u00a0\\u00bb pour supprimer, \\u00ab\\u00a0Annuler\\u00a0\\u00bb pour abandonner.\",\"conditionalLogicDependencyChoiceEdit\":\"Ce formulaire comporte des logiques conditionnelles {type} qui d\\u00e9pendent de ce choix. Confirmez-vous la modification de ce choix ? \\u00ab\\u00a0OK\\u00a0\\u00bb pour supprimer, \\u00ab\\u00a0Annuler\\u00a0\\u00bb pour abandonner.\",\"conditionalLogicDependencyAdminOnly\":\"Ce formulaire comporte des logiques conditionnelles {type} qui d\\u00e9pendent de ce choix. Confirmez-vous la modification de ce champ comme administratif ? \\u00ab\\u00a0OK\\u00a0\\u00bb pour continuer, \\u00ab\\u00a0Annuler\\u00a0\\u00bb pour abandonner.\",\"conditionalLogicRichTextEditorWarning\":\"Ce formulaire contient une logique conditionnelle qui d\\u00e9pend de ce champ. Cela ne fonctionnera plus si l\\u2019\\u00e9diteur de texte enrichi est activ\\u00e9. Confirmez-vous l\\u2019activation de l\\u2019\\u00e9diteur de texte enrichi\\u00a0? \\u00ab\\u00a0OK\\u00a0\\u00bb pour continuer, \\u00ab\\u00a0Annuler\\u00a0\\u00bb pour abandonner.\",\"conditionalLogicTypeButton\":\"bouton\",\"conditionalLogicTypeConfirmation\":\"confirmation\",\"conditionalLogicTypeNotification\":\"notification\",\"conditionalLogicTypeNoficationRouting\":\"acheminement des notifications\",\"conditionalLogicTypeField\":\"champ\",\"conditionalLogicTypeFeed\":\"flux\",\"conditionalLogicWarningTitle\":\"Avertissement de logique conditionnelle\",\"mergeTagsText\":\"Ins\\u00e9rer des balises de fusion\",\"baseUrl\":\"https:\\\/\\\/cerfsa.ch\\\/wp-content\\\/plugins\\\/gravityforms\",\"gf_currency_config\":{\"name\":\"Euro\",\"symbol_left\":\"\",\"symbol_right\":\"&#8364;\",\"symbol_padding\":\" \",\"thousand_separator\":\".\",\"decimal_separator\":\",\",\"decimals\":2,\"code\":\"EUR\"},\"otherChoiceValue\":\"Autre\",\"isFormTrash\":false,\"currentlyAddingField\":false,\"visibilityOptions\":[{\"label\":\"Visible\",\"value\":\"visible\",\"description\":\"Option par d\\u00e9faut. Ce champ est visible quand le formulaire est affich\\u00e9.\"},{\"label\":\"Masqu\\u00e9\",\"value\":\"hidden\",\"description\":\"Ce champ est masqu\\u00e9 quand le formulaire est affich\\u00e9. Utile si vous avez besoin de la fonctionnalit\\u00e9 de ce champ mais que vous ne voulez pas que l\\u2019utilisateur ou l\\u2019utilisatrice puisse le voir.\"},{\"label\":\"Administration\",\"value\":\"administrative\",\"description\":\"Ce champ est visible uniquement pendant l\\u2019administration des entr\\u00e9es envoy\\u00e9es. Ce champ n\\u2019est pas visible ou fonctionnel lorsque le formulaire est vu.\"}],\"addFieldFilter\":\"Ajouter une condition\",\"removeFieldFilter\":\"Retirer une condition\",\"filterAndAny\":\"{0} des crit\\u00e8res suivants correspondent\\u00a0:\",\"customChoices\":\"Choix personnalis\\u00e9s\",\"predefinedChoices\":\"Choix pr\\u00e9d\\u00e9finis\",\"fieldLabelAriaLabel\":\"{field_label} - {field_type}, aller aux r\\u00e9glages de ce fichier\",\"fieldCanBeAddedTitle\":\"Limite du champ\",\"fieldCanBeAddedCaptcha\":\"Un seul champ CAPTCHA peut \\u00eatre ajout\\u00e9 au formulaire.\",\"fieldCanBeAddedShipping\":\"Un seul champ livraison peut \\u00eatre ajout\\u00e9 au formulaire.\",\"fieldCanBeAddedPostContent\":\"Un seul champ corps d\\u2018article peut \\u00eatre ajout\\u00e9 au formulaire.\",\"fieldCanBeAddedPostTitle\":\"Un seul champ titre d\\u2018article peut \\u00eatre ajout\\u00e9 au formulaire.\",\"fieldCanBeAddedPostExcerpt\":\"Un seul champ extrait d\\u2018article peut \\u00eatre ajout\\u00e9 au formulaire.\",\"fieldCanBeAddedCreditCard\":\"Un seul champ carte bancaire peut \\u00eatre ajout\\u00e9 au formulaire.\",\"fieldCanBeAddedProductTitle\":\"Champ du produit manquant\",\"fieldCanBeAddedProduct\":\"Vous devez d\\u2019abord ajouter un champ de produit au formulaire.\",\"legacyMarkupTitle\":\"Balise non prise en charge\",\"fieldCanBeAddedMultipleChoice\":\"Vous ne pouvez pas ajouter un champ \\u00e0 choix multiple \\u00e0 un formulaire qui utilise des balises h\\u00e9rit\\u00e9es. Veuillez modifier les r\\u00e9glages du formulaire et inactiver l\\u2018ancien balisage.\",\"fieldCanBeAddedImageChoice\":\"Vous ne pouvez pas ajouter un champ de choix d\\u2018image \\u00e0 un formulaire qui utilise des balises h\\u00e9rit\\u00e9es. Veuillez modifier les r\\u00e9glages du formulaire et inactiver l\\u2018ancien balisage.\",\"FieldAjaxonErrorTitle\":\"Erreur\",\"StartAddFieldAjaxonError\":\"Erreur Ajax lors de l\\u2018ajout du champ. Veuillez actualiser la page et r\\u00e9essayer.\",\"StartChangeInputTypeAjaxonError\":\"Erreur Ajax lors du changement de type d\\u2018entr\\u00e9e. Veuillez actualiser la page et r\\u00e9essayer.\",\"MissingNameCustomChoicesTitle\":\"Nom manquant\",\"MissingNameCustomChoices\":\"Veuillez donner un nom \\u00e0 ce choix personnalis\\u00e9.\",\"DuplicateNameCustomChoicesTitle\":\"Dupliquer le nom\",\"DuplicateNameCustomChoices\":\"Ce nom de choix personnalis\\u00e9 est d\\u00e9j\\u00e0 utilis\\u00e9. Veuillez saisir un autre nom.\",\"DuplicateTitleMessageTitle\":\"Dupliquer le titre\",\"DuplicateTitleMessage\":\"Le titre de formulaire que vous avez saisi est d\\u00e9j\\u00e0 utilis\\u00e9. Veuillez saisir un titre unique.\",\"ValidateFormMissingFormTitleTitle\":\"Titre du formulaire manquant\",\"ValidateFormMissingFormTitle\":\"Veuillez saisir un titre pour ce formulaire. Lors de l\\u2019int\\u00e9gration du formulaire \\u00e0 un article ou une page, vous aurez la possibilit\\u00e9 de masquer ce titre.\",\"ValidateFormEmptyPageTitle\":\"Page vide\",\"ValidateFormEmptyPage\":\"Votre formulaire a actuellement une ou plusieurs pages sans aucun champ. Les pages vides sont le r\\u00e9sultat des sauts de page qui sont plac\\u00e9s au d\\u00e9but ou \\u00e0 la fin du formulaire ou l\\u2019un apr\\u00e8s l\\u2019autre. Veuillez ajuster vos sauts de page.\",\"ValidateFormMissingProductLabelTitle\":\"Libell\\u00e9 du produit manquant\",\"ValidateFormMissingProductLabel\":\"Ce formulaire poss\\u00e8de un champ de produit dont le libell\\u00e9 est vide. Veuillez saisir un libell\\u00e9 pour chaque champ de produit.\",\"ValidateFormMissingProductFieldTitle\":\"Champ du produit manquant\",\"ValidateFormMissingProductField\":\"Votre formulaire poss\\u00e8de un champ d\\u2019option sans champ de produit. Vous devez ajouter un champ de produit \\u00e0 votre formulaire.\",\"FormulaIsValidTitle\":\"Succ\\u00e8s\",\"FormulaIsValid\":\"La formule semble correcte.\",\"FormulaIsInvalid\":\"Il semble qu\\u2019il y ait un probl\\u00e8me avec votre formule.\",\"DeleteFormTitle\":\"Confirmer\",\"DeleteForm\":\"Vous \\u00eates sur le point de d\\u00e9placer ce formulaire dans la corbeille. \\u00ab OK \\u00bb pour supprimer, \\u00ab Annuler \\u00bb pour abandonner.\",\"DeleteCustomChoice\":\"Supprimer cette liste de choix personnalis\\u00e9e\\u00a0? \\u00ab OK \\u00bb pour supprimer, \\u00ab Annuler \\u00bb pour abandonner.\",\"FieldAdded\":\"&nbsp;champ ajout\\u00e9 au formulaire\",\"nameFieldDefaultPrefixes\":[{\"text\":\"Dr\",\"value\":\"Dr\"},{\"text\":\"M.\",\"value\":\"M.\"},{\"text\":\"MM.\",\"value\":\"MM.\"},{\"text\":\"Mlle\",\"value\":\"Mlle\"},{\"text\":\"Mme\",\"value\":\"Mme\"},{\"text\":\"Mmes\",\"value\":\"Mmes\"},{\"text\":\"Prof\",\"value\":\"Prof\"},{\"text\":\"Rev.\",\"value\":\"Rev.\"}]};\t\t\t<\/script>\n            \t\t\t\t<\/div>\n\t\t\t\t<\/div>\n\t\t\t\t<\/div>\n\t\t\t\t\t<\/div>\n\t\t\t\t<\/div>\n\t\t\t\t<\/div>\n\t\t","protected":false},"excerpt":{"rendered":"<p>Conf\u00e9rence des Eglises R\u00e9form\u00e9es de langue fran\u00e7aise en Suisse al\u00e9manique La Conf\u00e9rence des \u00c9glises R\u00e9form\u00e9es de langue fran\u00e7aise en Suisse al\u00e9manique (CERFSA) a pour mission de rassembler les \u00c9glises r\u00e9form\u00e9es francophones de Suisse al\u00e9manique. Elle favorise les \u00e9changes, les projets communs et la promotion de la foi r\u00e9form\u00e9e. La CERFSA, est compos\u00e9e de six Eglises [&hellip;]<\/p>\n","protected":false},"author":2,"featured_media":0,"parent":0,"menu_order":0,"comment_status":"closed","ping_status":"closed","template":"","meta":{"footnotes":""},"class_list":["post-25","page","type-page","status-publish","hentry"],"yoast_head":"<!-- This site is optimized with the Yoast SEO plugin v27.4 - https:\/\/yoast.com\/product\/yoast-seo-wordpress\/ -->\n<title>CERFSA | Conf\u00e9rence des Eglises R\u00e9form\u00e9es de langue fran\u00e7aise en Suisse al\u00e9manique<\/title>\n<meta name=\"description\" content=\"La Conf\u00e9rence des \u00c9glises R\u00e9form\u00e9es de langue fran\u00e7aise en Suisse al\u00e9manique (CERFSA) a pour mission de rassembler les \u00c9glises r\u00e9form\u00e9es francophones de Suisse al\u00e9manique.\" \/>\n<meta name=\"robots\" content=\"index, follow, max-snippet:-1, max-image-preview:large, max-video-preview:-1\" \/>\n<link rel=\"canonical\" href=\"https:\/\/cerfsa.ch\/\" \/>\n<meta property=\"og:locale\" content=\"fr_FR\" \/>\n<meta property=\"og:type\" content=\"article\" \/>\n<meta property=\"og:title\" content=\"CERFSA | Conf\u00e9rence des Eglises R\u00e9form\u00e9es de langue fran\u00e7aise en Suisse al\u00e9manique\" \/>\n<meta property=\"og:description\" content=\"La Conf\u00e9rence des \u00c9glises R\u00e9form\u00e9es de langue fran\u00e7aise en Suisse al\u00e9manique (CERFSA) a pour mission de rassembler les \u00c9glises r\u00e9form\u00e9es francophones de Suisse al\u00e9manique.\" \/>\n<meta property=\"og:url\" content=\"https:\/\/cerfsa.ch\/\" \/>\n<meta property=\"og:site_name\" content=\"CERFSA\" \/>\n<meta property=\"article:modified_time\" content=\"2026-03-12T22:26:12+00:00\" \/>\n<meta property=\"og:image\" content=\"https:\/\/cerfsa.ch\/wp-content\/uploads\/2024\/11\/argovie.png\" \/>\n<meta name=\"twitter:card\" content=\"summary_large_image\" \/>\n<meta name=\"twitter:label1\" content=\"Dur\u00e9e de lecture estim\u00e9e\" \/>\n\t<meta name=\"twitter:data1\" content=\"6 minutes\" \/>\n<script type=\"application\/ld+json\" class=\"yoast-schema-graph\">{\"@context\":\"https:\\\/\\\/schema.org\",\"@graph\":[{\"@type\":\"WebPage\",\"@id\":\"https:\\\/\\\/cerfsa.ch\\\/\",\"url\":\"https:\\\/\\\/cerfsa.ch\\\/\",\"name\":\"CERFSA | Conf\u00e9rence des Eglises R\u00e9form\u00e9es de langue fran\u00e7aise en Suisse al\u00e9manique\",\"isPartOf\":{\"@id\":\"https:\\\/\\\/cerfsa.ch\\\/#website\"},\"primaryImageOfPage\":{\"@id\":\"https:\\\/\\\/cerfsa.ch\\\/#primaryimage\"},\"image\":{\"@id\":\"https:\\\/\\\/cerfsa.ch\\\/#primaryimage\"},\"thumbnailUrl\":\"https:\\\/\\\/cerfsa.ch\\\/wp-content\\\/uploads\\\/2024\\\/11\\\/argovie.png\",\"datePublished\":\"2024-11-20T21:49:57+00:00\",\"dateModified\":\"2026-03-12T22:26:12+00:00\",\"description\":\"La Conf\u00e9rence des \u00c9glises R\u00e9form\u00e9es de langue fran\u00e7aise en Suisse al\u00e9manique (CERFSA) a pour mission de rassembler les \u00c9glises r\u00e9form\u00e9es francophones de Suisse al\u00e9manique.\",\"breadcrumb\":{\"@id\":\"https:\\\/\\\/cerfsa.ch\\\/#breadcrumb\"},\"inLanguage\":\"fr-FR\",\"potentialAction\":[{\"@type\":\"ReadAction\",\"target\":[\"https:\\\/\\\/cerfsa.ch\\\/\"]}]},{\"@type\":\"ImageObject\",\"inLanguage\":\"fr-FR\",\"@id\":\"https:\\\/\\\/cerfsa.ch\\\/#primaryimage\",\"url\":\"https:\\\/\\\/cerfsa.ch\\\/wp-content\\\/uploads\\\/2024\\\/11\\\/argovie.png\",\"contentUrl\":\"https:\\\/\\\/cerfsa.ch\\\/wp-content\\\/uploads\\\/2024\\\/11\\\/argovie.png\",\"width\":100,\"height\":100},{\"@type\":\"BreadcrumbList\",\"@id\":\"https:\\\/\\\/cerfsa.ch\\\/#breadcrumb\",\"itemListElement\":[{\"@type\":\"ListItem\",\"position\":1,\"name\":\"Home\",\"item\":\"https:\\\/\\\/cerfsa.ch\\\/\"},{\"@type\":\"ListItem\",\"position\":2,\"name\":\"Accueil\"}]},{\"@type\":\"WebSite\",\"@id\":\"https:\\\/\\\/cerfsa.ch\\\/#website\",\"url\":\"https:\\\/\\\/cerfsa.ch\\\/\",\"name\":\"CERFSA\",\"description\":\"\",\"publisher\":{\"@id\":\"https:\\\/\\\/cerfsa.ch\\\/#organization\"},\"potentialAction\":[{\"@type\":\"SearchAction\",\"target\":{\"@type\":\"EntryPoint\",\"urlTemplate\":\"https:\\\/\\\/cerfsa.ch\\\/?s={search_term_string}\"},\"query-input\":{\"@type\":\"PropertyValueSpecification\",\"valueRequired\":true,\"valueName\":\"search_term_string\"}}],\"inLanguage\":\"fr-FR\"},{\"@type\":\"Organization\",\"@id\":\"https:\\\/\\\/cerfsa.ch\\\/#organization\",\"name\":\"CERFSA\",\"url\":\"https:\\\/\\\/cerfsa.ch\\\/\",\"logo\":{\"@type\":\"ImageObject\",\"inLanguage\":\"fr-FR\",\"@id\":\"https:\\\/\\\/cerfsa.ch\\\/#\\\/schema\\\/logo\\\/image\\\/\",\"url\":\"https:\\\/\\\/cerfsa.ch\\\/wp-content\\\/uploads\\\/2024\\\/11\\\/cerfsa-logo-bleu.svg\",\"contentUrl\":\"https:\\\/\\\/cerfsa.ch\\\/wp-content\\\/uploads\\\/2024\\\/11\\\/cerfsa-logo-bleu.svg\",\"width\":595,\"height\":282,\"caption\":\"CERFSA\"},\"image\":{\"@id\":\"https:\\\/\\\/cerfsa.ch\\\/#\\\/schema\\\/logo\\\/image\\\/\"}}]}<\/script>\n<!-- \/ Yoast SEO plugin. -->","yoast_head_json":{"title":"CERFSA | Conf\u00e9rence des Eglises R\u00e9form\u00e9es de langue fran\u00e7aise en Suisse al\u00e9manique","description":"La Conf\u00e9rence des \u00c9glises R\u00e9form\u00e9es de langue fran\u00e7aise en Suisse al\u00e9manique (CERFSA) a pour mission de rassembler les \u00c9glises r\u00e9form\u00e9es francophones de Suisse al\u00e9manique.","robots":{"index":"index","follow":"follow","max-snippet":"max-snippet:-1","max-image-preview":"max-image-preview:large","max-video-preview":"max-video-preview:-1"},"canonical":"https:\/\/cerfsa.ch\/","og_locale":"fr_FR","og_type":"article","og_title":"CERFSA | Conf\u00e9rence des Eglises R\u00e9form\u00e9es de langue fran\u00e7aise en Suisse al\u00e9manique","og_description":"La Conf\u00e9rence des \u00c9glises R\u00e9form\u00e9es de langue fran\u00e7aise en Suisse al\u00e9manique (CERFSA) a pour mission de rassembler les \u00c9glises r\u00e9form\u00e9es francophones de Suisse al\u00e9manique.","og_url":"https:\/\/cerfsa.ch\/","og_site_name":"CERFSA","article_modified_time":"2026-03-12T22:26:12+00:00","og_image":[{"url":"https:\/\/cerfsa.ch\/wp-content\/uploads\/2024\/11\/argovie.png","type":"","width":"","height":""}],"twitter_card":"summary_large_image","twitter_misc":{"Dur\u00e9e de lecture estim\u00e9e":"6 minutes"},"schema":{"@context":"https:\/\/schema.org","@graph":[{"@type":"WebPage","@id":"https:\/\/cerfsa.ch\/","url":"https:\/\/cerfsa.ch\/","name":"CERFSA | Conf\u00e9rence des Eglises R\u00e9form\u00e9es de langue fran\u00e7aise en Suisse al\u00e9manique","isPartOf":{"@id":"https:\/\/cerfsa.ch\/#website"},"primaryImageOfPage":{"@id":"https:\/\/cerfsa.ch\/#primaryimage"},"image":{"@id":"https:\/\/cerfsa.ch\/#primaryimage"},"thumbnailUrl":"https:\/\/cerfsa.ch\/wp-content\/uploads\/2024\/11\/argovie.png","datePublished":"2024-11-20T21:49:57+00:00","dateModified":"2026-03-12T22:26:12+00:00","description":"La Conf\u00e9rence des \u00c9glises R\u00e9form\u00e9es de langue fran\u00e7aise en Suisse al\u00e9manique (CERFSA) a pour mission de rassembler les \u00c9glises r\u00e9form\u00e9es francophones de Suisse al\u00e9manique.","breadcrumb":{"@id":"https:\/\/cerfsa.ch\/#breadcrumb"},"inLanguage":"fr-FR","potentialAction":[{"@type":"ReadAction","target":["https:\/\/cerfsa.ch\/"]}]},{"@type":"ImageObject","inLanguage":"fr-FR","@id":"https:\/\/cerfsa.ch\/#primaryimage","url":"https:\/\/cerfsa.ch\/wp-content\/uploads\/2024\/11\/argovie.png","contentUrl":"https:\/\/cerfsa.ch\/wp-content\/uploads\/2024\/11\/argovie.png","width":100,"height":100},{"@type":"BreadcrumbList","@id":"https:\/\/cerfsa.ch\/#breadcrumb","itemListElement":[{"@type":"ListItem","position":1,"name":"Home","item":"https:\/\/cerfsa.ch\/"},{"@type":"ListItem","position":2,"name":"Accueil"}]},{"@type":"WebSite","@id":"https:\/\/cerfsa.ch\/#website","url":"https:\/\/cerfsa.ch\/","name":"CERFSA","description":"","publisher":{"@id":"https:\/\/cerfsa.ch\/#organization"},"potentialAction":[{"@type":"SearchAction","target":{"@type":"EntryPoint","urlTemplate":"https:\/\/cerfsa.ch\/?s={search_term_string}"},"query-input":{"@type":"PropertyValueSpecification","valueRequired":true,"valueName":"search_term_string"}}],"inLanguage":"fr-FR"},{"@type":"Organization","@id":"https:\/\/cerfsa.ch\/#organization","name":"CERFSA","url":"https:\/\/cerfsa.ch\/","logo":{"@type":"ImageObject","inLanguage":"fr-FR","@id":"https:\/\/cerfsa.ch\/#\/schema\/logo\/image\/","url":"https:\/\/cerfsa.ch\/wp-content\/uploads\/2024\/11\/cerfsa-logo-bleu.svg","contentUrl":"https:\/\/cerfsa.ch\/wp-content\/uploads\/2024\/11\/cerfsa-logo-bleu.svg","width":595,"height":282,"caption":"CERFSA"},"image":{"@id":"https:\/\/cerfsa.ch\/#\/schema\/logo\/image\/"}}]}},"_links":{"self":[{"href":"https:\/\/cerfsa.ch\/index.php\/wp-json\/wp\/v2\/pages\/25","targetHints":{"allow":["GET"]}}],"collection":[{"href":"https:\/\/cerfsa.ch\/index.php\/wp-json\/wp\/v2\/pages"}],"about":[{"href":"https:\/\/cerfsa.ch\/index.php\/wp-json\/wp\/v2\/types\/page"}],"author":[{"embeddable":true,"href":"https:\/\/cerfsa.ch\/index.php\/wp-json\/wp\/v2\/users\/2"}],"replies":[{"embeddable":true,"href":"https:\/\/cerfsa.ch\/index.php\/wp-json\/wp\/v2\/comments?post=25"}],"version-history":[{"count":40,"href":"https:\/\/cerfsa.ch\/index.php\/wp-json\/wp\/v2\/pages\/25\/revisions"}],"predecessor-version":[{"id":97,"href":"https:\/\/cerfsa.ch\/index.php\/wp-json\/wp\/v2\/pages\/25\/revisions\/97"}],"wp:attachment":[{"href":"https:\/\/cerfsa.ch\/index.php\/wp-json\/wp\/v2\/media?parent=25"}],"curies":[{"name":"wp","href":"https:\/\/api.w.org\/{rel}","templated":true}]}}